{"id":260803,"date":"2024-01-23T16:32:08","date_gmt":"2024-01-23T15:32:08","guid":{"rendered":"https:\/\/naturopatialacala.com\/?page_id=260803"},"modified":"2024-06-27T17:57:34","modified_gmt":"2024-06-27T16:57:34","slug":"masajes-y-bienestar","status":"publish","type":"page","link":"https:\/\/www.naturopatialacala.com\/it\/masajes-y-bienestar\/","title":{"rendered":"Massaggi e benessere"},"content":{"rendered":"<p>[et_pb_section fb_built=\u00bb1&#8243; admin_label=\u00bbsection\u00bb _builder_version=\u00bb4.23.4&#8243; background_color=\u00bb#0f4758&#8243; background_enable_image=\u00bboff\u00bb background_blend=\u00bboverlay\u00bb positioning=\u00bbnone\u00bb min_height_tablet=\u00bb100vh\u00bb min_height_phone=\u00bb\u00bb min_height_last_edited=\u00bbon|phone\u00bb scroll_vertical_motion=\u00bb0|0|0|100|4|0|-8.5&#8243; custom_css_main_element=\u00bbdisplay: flex;||flex-direction: column;||justify-content: center;\u00bb global_colors_info=\u00bb{}\u00bb][et_pb_row _builder_version=\u00bb4.23.4&#8243; _module_preset=\u00bbdefault\u00bb width=\u00bb95%\u00bb max_width=\u00bb1300px\u00bb custom_padding=\u00bb135px|||||\u00bb global_colors_info=\u00bb{}\u00bb][et_pb_column type=\u00bb4_4&#8243; _builder_version=\u00bb4.23.4&#8243; _module_preset=\u00bbdefault\u00bb global_colors_info=\u00bb{}\u00bb][et_pb_text _builder_version=\u00bb4.23.4&#8243; _module_preset=\u00bbdefault\u00bb header_font=\u00bbRaleway|800|||||||\u00bb header_text_align=\u00bbcenter\u00bb header_text_color=\u00bb#FFFFFF\u00bb header_font_size=\u00bb100px\u00bb header_line_height=\u00bb1.1em\u00bb width_tablet=\u00bb100vw\u00bb width_phone=\u00bb95%\u00bb width_last_edited=\u00bbon|tablet\u00bb animation_style=\u00bbzoom\u00bb header_font_size_tablet=\u00bb80px\u00bb header_font_size_phone=\u00bb40px\u00bb header_font_size_last_edited=\u00bbon|phone\u00bb global_colors_info=\u00bb{}\u00bb]<\/p>\n<h1>Masajes y bienestar<\/h1>\n<p>[\/et_pb_text][\/et_pb_column][\/et_pb_row][\/et_pb_section][et_pb_section fb_built=\u00bb1&#8243; _builder_version=\u00bb4.23.4&#8243; _module_preset=\u00bbdefault\u00bb background_color=\u00bb#f2f5f5&#8243; positioning=\u00bbnone\u00bb position_origin_a=\u00bbcenter_center\u00bb z_index=\u00bb0&#8243; custom_padding=\u00bb90px||90px|||\u00bb global_colors_info=\u00bb{}\u00bb][et_pb_row column_structure=\u00bb1_2,1_2&#8243; use_custom_gutter=\u00bbon\u00bb gutter_width=\u00bb2&#8243; make_equal=\u00bbon\u00bb disabled_on=\u00bbon|on|on\u00bb _builder_version=\u00bb4.24.3&#8243; _module_preset=\u00bbdefault\u00bb max_width=\u00bb1300px\u00bb disabled=\u00bbon\u00bb global_colors_info=\u00bb{}\u00bb][et_pb_column type=\u00bb1_2&#8243; _builder_version=\u00bb4.23.4&#8243; _module_preset=\u00bbdefault\u00bb global_colors_info=\u00bb{}\u00bb][et_pb_image src=\u00bbhttps:\/\/www.naturopatialacala.com\/wp-content\/uploads\/2024\/01\/terapeuta-irreconocible-realizando-maderoterapia-piernas-mujer-tratamiento-masaje-spa.webp\u00bb title_text=\u00bbterapeuta-irreconocible-realizando-maderoterapia-piernas-mujer-tratamiento-masaje-spa\u00bb _builder_version=\u00bb4.23.4&#8243; _module_preset=\u00bbdefault\u00bb border_radii=\u00bbon|12px|12px|12px|12px\u00bb global_colors_info=\u00bb{}\u00bb][\/et_pb_image][\/et_pb_column][et_pb_column type=\u00bb1_2&#8243; _builder_version=\u00bb4.23.4&#8243; _module_preset=\u00bbdefault\u00bb custom_css_main_element=\u00bbdisplay: flex;||flex-direction: column;||justify-content: center;\u00bb global_colors_info=\u00bb{}\u00bb][et_pb_text _builder_version=\u00bb4.23.4&#8243; _module_preset=\u00bbdefault\u00bb header_2_font=\u00bbRaleway|800|||||||\u00bb header_2_text_align=\u00bbleft\u00bb header_2_font_size=\u00bb40px\u00bb header_2_line_height=\u00bb1.1em\u00bb custom_margin=\u00bb||6px|||\u00bb custom_padding=\u00bb||35px||false|false\u00bb header_2_font_size_tablet=\u00bb40px\u00bb header_2_font_size_phone=\u00bb30px\u00bb header_2_font_size_last_edited=\u00bbon|phone\u00bb global_colors_info=\u00bb{}\u00bb]<\/p>\n<h2>Maderoterapia<\/h2>\n<p>[\/et_pb_text][et_pb_text _builder_version=\u00bb4.23.4&#8243; _module_preset=\u00bbdefault\u00bb text_font=\u00bbRaleway||||||||\u00bb text_font_size=\u00bb17px\u00bb global_colors_info=\u00bb{}\u00bb]<\/p>\n<p>La maderoterapia es un tratamiento que utiliza instrumentos de madera especialmente dise\u00f1ados para realizar masajes que se aplican con t\u00e9cnicas espec\u00edficas para estimular la circulaci\u00f3n, reducir la celulitis, tonificar los m\u00fasculos y mejorar la textura de la piel. La maderoterapia se utiliza en procedimientos de belleza y bienestar, siendo una alternativa a las t\u00e9cnicas manuales tradicionales.<\/p>\n<p>[\/et_pb_text][\/et_pb_column][\/et_pb_row][et_pb_row column_structure=\u00bb1_2,1_2&#8243; use_custom_gutter=\u00bbon\u00bb gutter_width=\u00bb2&#8243; make_equal=\u00bbon\u00bb _builder_version=\u00bb4.23.4&#8243; _module_preset=\u00bbdefault\u00bb max_width=\u00bb1300px\u00bb custom_margin=\u00bb40px|auto||auto||\u00bb global_colors_info=\u00bb{}\u00bb][et_pb_column type=\u00bb1_2&#8243; _builder_version=\u00bb4.23.4&#8243; _module_preset=\u00bbdefault\u00bb global_colors_info=\u00bb{}\u00bb][et_pb_text _builder_version=\u00bb4.23.4&#8243; _module_preset=\u00bbdefault\u00bb header_2_font=\u00bbRaleway|800|||||||\u00bb header_2_text_align=\u00bbleft\u00bb header_2_font_size=\u00bb40px\u00bb header_2_line_height=\u00bb1.1em\u00bb custom_margin=\u00bb||6px|||\u00bb custom_padding=\u00bb||35px||false|false\u00bb header_2_font_size_tablet=\u00bb40px\u00bb header_2_font_size_phone=\u00bb30px\u00bb header_2_font_size_last_edited=\u00bbon|phone\u00bb global_colors_info=\u00bb{}\u00bb]<\/p>\n<h2>Drenaje linf\u00e1tico manual<\/h2>\n<p>[\/et_pb_text][et_pb_text _builder_version=\u00bb4.23.4&#8243; _module_preset=\u00bbdefault\u00bb text_font=\u00bbRaleway||||||||\u00bb text_font_size=\u00bb17px\u00bb global_colors_info=\u00bb{}\u00bb]<\/p>\n<p>El drenaje linf\u00e1tico es una t\u00e9cnica manual que consiste en realizar movimientos suaves y r\u00edtmicos aplicados sobre la piel con el objetivo de estimular el sistema linf\u00e1tico. Este sistema, que forma parte del sistema circulatorio, ayuda a eliminar toxinas y desechos del cuerpo. El drenaje linf\u00e1tico manual busca mejorar la circulaci\u00f3n linf\u00e1tica, reducir la retenci\u00f3n de l\u00edquidos y promover la funci\u00f3n inmunol\u00f3gica.<\/p>\n<p>[\/et_pb_text][\/et_pb_column][et_pb_column type=\u00bb1_2&#8243; _builder_version=\u00bb4.23.4&#8243; _module_preset=\u00bbdefault\u00bb custom_css_main_element=\u00bbdisplay: flex;||flex-direction: column;||justify-content: center;\u00bb global_colors_info=\u00bb{}\u00bb][et_pb_text _builder_version=\u00bb4.23.4&#8243; _module_preset=\u00bbdefault\u00bb header_2_font=\u00bbRaleway|800|||||||\u00bb header_2_text_align=\u00bbleft\u00bb header_2_font_size=\u00bb40px\u00bb header_2_line_height=\u00bb1.1em\u00bb custom_margin=\u00bb||6px|||\u00bb custom_padding=\u00bb||35px||false|false\u00bb header_2_font_size_tablet=\u00bb40px\u00bb header_2_font_size_phone=\u00bb30px\u00bb header_2_font_size_last_edited=\u00bbon|phone\u00bb global_colors_info=\u00bb{}\u00bb]<\/p>\n<h2>Quiromasaje<\/h2>\n<p>[\/et_pb_text][et_pb_text _builder_version=\u00bb4.24.3&#8243; _module_preset=\u00bbdefault\u00bb text_font=\u00bbRaleway||||||||\u00bb text_font_size=\u00bb17px\u00bb hover_enabled=\u00bb0&#8243; global_colors_info=\u00bb{}\u00bb sticky_enabled=\u00bb0&#8243;]<\/p>\n<p>El quiromasaje es un conjunto de t\u00e9cnicas de masaje que se realiza con las manos (\u00abquiro\u00bb hace referencia a manos en griego). Dependiendo del enfoque y de los resultados que se desean obtener, este puede ser Relajante, Reductor, anticelul\u00edtico entre otros. El objetivo del quiromasaje es aliviar tensiones musculares, mejorar la circulaci\u00f3n sangu\u00ednea, reducir el estr\u00e9s y promover el bienestar general.<\/p>\n<p>[\/et_pb_text][\/et_pb_column][\/et_pb_row][et_pb_row column_structure=\u00bb1_2,1_2&#8243; use_custom_gutter=\u00bbon\u00bb gutter_width=\u00bb2&#8243; make_equal=\u00bbon\u00bb disabled_on=\u00bbon|on|on\u00bb _builder_version=\u00bb4.24.3&#8243; _module_preset=\u00bbdefault\u00bb max_width=\u00bb1300px\u00bb custom_padding=\u00bb40px|||||\u00bb disabled=\u00bbon\u00bb global_colors_info=\u00bb{}\u00bb][et_pb_column type=\u00bb1_2&#8243; _builder_version=\u00bb4.23.4&#8243; _module_preset=\u00bbdefault\u00bb custom_css_main_element=\u00bbdisplay: flex;||flex-direction: column;||justify-content: center;\u00bb global_colors_info=\u00bb{}\u00bb][et_pb_text _builder_version=\u00bb4.23.4&#8243; _module_preset=\u00bbdefault\u00bb header_2_font=\u00bbRaleway|800|||||||\u00bb header_2_text_align=\u00bbleft\u00bb header_2_font_size=\u00bb40px\u00bb header_2_line_height=\u00bb1.1em\u00bb custom_margin=\u00bb||6px|||\u00bb custom_padding=\u00bb||35px||false|false\u00bb header_2_font_size_tablet=\u00bb40px\u00bb header_2_font_size_phone=\u00bb30px\u00bb header_2_font_size_last_edited=\u00bbon|phone\u00bb global_colors_info=\u00bb{}\u00bb]<\/p>\n<h2>Masajes con piedras calientes<\/h2>\n<p>[\/et_pb_text][et_pb_text _builder_version=\u00bb4.23.4&#8243; _module_preset=\u00bbdefault\u00bb text_font=\u00bbRaleway||||||||\u00bb text_font_size=\u00bb17px\u00bb global_colors_info=\u00bb{}\u00bb]<\/p>\n<p>El masaje con piedras calientes es una t\u00e9cnica que implica el uso de piedras calientes lisas colocadas estrat\u00e9gicamente en el cuerpo utilizadas para realizar masajes. Las piedras se calientan previamente y se colocan en \u00e1reas espec\u00edficas, como la espalda, las manos o los pies, para ayudar a relajar los m\u00fasculos y mejorar la circulaci\u00f3n sangu\u00ednea.<\/p>\n<p>[\/et_pb_text][\/et_pb_column][et_pb_column type=\u00bb1_2&#8243; _builder_version=\u00bb4.23.4&#8243; _module_preset=\u00bbdefault\u00bb global_colors_info=\u00bb{}\u00bb][et_pb_image src=\u00bbhttps:\/\/www.naturopatialacala.com\/wp-content\/uploads\/2024\/01\/mujer-joven-masaje-terapia-piedr.webp\u00bb title_text=\u00bbmujer-joven-masaje-terapia-piedr\u00bb align=\u00bbcenter\u00bb _builder_version=\u00bb4.23.4&#8243; _module_preset=\u00bbdefault\u00bb border_radii=\u00bbon|12px|12px|12px|12px\u00bb global_colors_info=\u00bb{}\u00bb][\/et_pb_image][\/et_pb_column][\/et_pb_row][et_pb_row column_structure=\u00bb1_2,1_2&#8243; use_custom_gutter=\u00bbon\u00bb gutter_width=\u00bb2&#8243; make_equal=\u00bbon\u00bb disabled_on=\u00bbon|on|on\u00bb _builder_version=\u00bb4.24.3&#8243; _module_preset=\u00bbdefault\u00bb max_width=\u00bb1300px\u00bb custom_margin=\u00bb40px|auto||auto||\u00bb disabled=\u00bbon\u00bb global_colors_info=\u00bb{}\u00bb][et_pb_column type=\u00bb1_2&#8243; _builder_version=\u00bb4.23.4&#8243; _module_preset=\u00bbdefault\u00bb global_colors_info=\u00bb{}\u00bb][et_pb_text _builder_version=\u00bb4.23.4&#8243; _module_preset=\u00bbdefault\u00bb header_2_font=\u00bbRaleway|800|||||||\u00bb header_2_text_align=\u00bbleft\u00bb header_2_font_size=\u00bb40px\u00bb header_2_line_height=\u00bb1.1em\u00bb custom_margin=\u00bb||6px|||\u00bb custom_padding=\u00bb||35px||false|false\u00bb header_2_font_size_tablet=\u00bb40px\u00bb header_2_font_size_phone=\u00bb30px\u00bb header_2_font_size_last_edited=\u00bbon|phone\u00bb global_colors_info=\u00bb{}\u00bb]<\/p>\n<h2>Masaje Californiano<\/h2>\n<p>[\/et_pb_text][et_pb_text _builder_version=\u00bb4.23.4&#8243; _module_preset=\u00bbdefault\u00bb text_font=\u00bbRaleway||||||||\u00bb text_font_size=\u00bb17px\u00bb global_colors_info=\u00bb{}\u00bb]<\/p>\n<p>El masaje californiano es una t\u00e9cnica de masaje que se caracteriza por movimientos suaves y fluidos, as\u00ed como por el uso de aceites esenciales. Originado en California en la d\u00e9cada de 1960, este enfoque busca no solo aliviar la tensi\u00f3n f\u00edsica, sino tambi\u00e9n promover la relajaci\u00f3n y la conexi\u00f3n mente-cuerpo mejorando el bienestar general.<\/p>\n<p>[\/et_pb_text][\/et_pb_column][et_pb_column type=\u00bb1_2&#8243; _builder_version=\u00bb4.23.4&#8243; _module_preset=\u00bbdefault\u00bb custom_css_main_element=\u00bbdisplay: flex;||flex-direction: column;||justify-content: center;\u00bb global_colors_info=\u00bb{}\u00bb][et_pb_text _builder_version=\u00bb4.23.4&#8243; _module_preset=\u00bbdefault\u00bb header_2_font=\u00bbRaleway|800|||||||\u00bb header_2_text_align=\u00bbleft\u00bb header_2_font_size=\u00bb40px\u00bb header_2_line_height=\u00bb1.1em\u00bb custom_margin=\u00bb||6px|||\u00bb custom_padding=\u00bb||35px||false|false\u00bb header_2_font_size_tablet=\u00bb40px\u00bb header_2_font_size_phone=\u00bb30px\u00bb header_2_font_size_last_edited=\u00bbon|phone\u00bb global_colors_info=\u00bb{}\u00bb]<\/p>\n<h2>Masaje Ayurvedico con Pindas<\/h2>\n<p>[\/et_pb_text][et_pb_text _builder_version=\u00bb4.23.4&#8243; _module_preset=\u00bbdefault\u00bb text_font=\u00bbRaleway||||||||\u00bb text_font_size=\u00bb17px\u00bb global_colors_info=\u00bb{}\u00bb]<\/p>\n<p>El masaje ayurv\u00e9dico con pindas es una t\u00e9cnica que combina principios de la medicina tradicional india, el Ayurveda, con el uso de pindas. Las pindas son bolsitas de tela rellenas de hierbas medicinales. Durante la sesi\u00f3n de masaje, estas pindas se calientan y se aplican sobre el cuerpo con movimientos espec\u00edficos.<\/p>\n<p>Adem\u00e1s de proporcionar relajaci\u00f3n, este masaje busca mejorar la circulaci\u00f3n, aliviar la tensi\u00f3n muscular, eliminar toxinas y promover un equilibrio general en el cuerpo y la mente. La combinaci\u00f3n de calor y las propiedades de las hierbas en las pindas se considera beneficiosa para la salud y el bienestar.<\/p>\n<p>[\/et_pb_text][\/et_pb_column][\/et_pb_row][\/et_pb_section][et_pb_section fb_built=\u00bb1&#8243; _builder_version=\u00bb4.23.4&#8243; _module_preset=\u00bbdefault\u00bb custom_padding=\u00bb90px|||||\u00bb global_colors_info=\u00bb{}\u00bb][et_pb_row _builder_version=\u00bb4.23.4&#8243; _module_preset=\u00bbdefault\u00bb custom_padding=\u00bb2px|||||\u00bb animation_style=\u00bbzoom\u00bb global_colors_info=\u00bb{}\u00bb][et_pb_column type=\u00bb4_4&#8243; _builder_version=\u00bb4.23.4&#8243; _module_preset=\u00bbdefault\u00bb global_colors_info=\u00bb{}\u00bb][et_pb_text _builder_version=\u00bb4.23.4&#8243; _module_preset=\u00bbdefault\u00bb header_2_font=\u00bbRaleway|800|||||||\u00bb header_2_text_align=\u00bbcenter\u00bb header_2_font_size=\u00bb40px\u00bb custom_padding=\u00bb||1px||false|false\u00bb header_2_font_size_tablet=\u00bb40px\u00bb header_2_font_size_phone=\u00bb30px\u00bb header_2_font_size_last_edited=\u00bbon|phone\u00bb global_colors_info=\u00bb{}\u00bb]<\/p>\n<h2>Masaje facial Japon\u00e9s<\/h2>\n<p>[\/et_pb_text][et_pb_text _builder_version=\u00bb4.23.4&#8243; _module_preset=\u00bbdefault\u00bb text_font=\u00bbRaleway||||||||\u00bb text_font_size=\u00bb17px\u00bb text_orientation=\u00bbcenter\u00bb global_colors_info=\u00bb{}\u00bb]<\/p>\n<p>El masaje facial japon\u00e9s, tambi\u00e9n conocido como \u00abKobido\u00bb o \u00abKo Bi Do,\u00bb es una t\u00e9cnica tradicional japonesa que se centra en el rostro y el cuello para mejorar la apariencia de la piel y promover la relajaci\u00f3n. Algunas caracter\u00edsticas de este masaje incluyen:<\/p>\n<p>[\/et_pb_text][\/et_pb_column][\/et_pb_row][et_pb_row column_structure=\u00bb1_2,1_2&#8243; _builder_version=\u00bb4.23.4&#8243; _module_preset=\u00bbdefault\u00bb background_color=\u00bb#f2f5f5&#8243; width=\u00bb100%\u00bb max_width=\u00bb1300px\u00bb custom_margin=\u00bb60px|auto||auto||\u00bb custom_padding=\u00bb25px|25px|25px|25px|true|true\u00bb animation_style=\u00bbslide\u00bb animation_direction=\u00bbbottom\u00bb border_radii=\u00bbon|12px|12px|12px|12px\u00bb global_colors_info=\u00bb{}\u00bb][et_pb_column type=\u00bb1_2&#8243; _builder_version=\u00bb4.23.4&#8243; _module_preset=\u00bbdefault\u00bb global_colors_info=\u00bb{}\u00bb][et_pb_text _builder_version=\u00bb4.23.4&#8243; _module_preset=\u00bbdefault\u00bb header_2_font=\u00bbRaleway|800|||||||\u00bb header_2_text_align=\u00bbleft\u00bb header_2_font_size=\u00bb40px\u00bb header_2_line_height=\u00bb1.1em\u00bb header_3_font=\u00bbRaleway|300|||||||\u00bb custom_margin=\u00bb||6px|||\u00bb custom_padding=\u00bb||11px||false|false\u00bb header_2_font_size_tablet=\u00bb40px\u00bb header_2_font_size_phone=\u00bb30px\u00bb header_2_font_size_last_edited=\u00bbon|phone\u00bb global_colors_info=\u00bb{}\u00bb]<\/p>\n<h3><strong>1- Movimientos espec\u00edficos<\/strong><\/h3>\n<p>[\/et_pb_text][et_pb_text _builder_version=\u00bb4.23.4&#8243; _module_preset=\u00bbdefault\u00bb text_font=\u00bbRaleway||||||||\u00bb text_font_size=\u00bb17px\u00bb text_line_height=\u00bb1.6em\u00bb global_colors_info=\u00bb{}\u00bb]<\/p>\n<p>Se utilizan una variedad de movimientos, incluyendo deslizamientos, amasamientos y presiones suaves, dise\u00f1ados para estimular la circulaci\u00f3n sangu\u00ednea y linf\u00e1tica.<\/p>\n<p>[\/et_pb_text][\/et_pb_column][et_pb_column type=\u00bb1_2&#8243; _builder_version=\u00bb4.23.4&#8243; _module_preset=\u00bbdefault\u00bb global_colors_info=\u00bb{}\u00bb][et_pb_text _builder_version=\u00bb4.23.4&#8243; _module_preset=\u00bbdefault\u00bb header_2_font=\u00bbRaleway|800|||||||\u00bb header_2_text_align=\u00bbleft\u00bb header_2_font_size=\u00bb40px\u00bb header_2_line_height=\u00bb1.1em\u00bb header_3_font=\u00bbRaleway|300|||||||\u00bb custom_margin=\u00bb||6px|||\u00bb custom_padding=\u00bb||11px||false|false\u00bb header_2_font_size_tablet=\u00bb40px\u00bb header_2_font_size_phone=\u00bb30px\u00bb header_2_font_size_last_edited=\u00bbon|phone\u00bb global_colors_info=\u00bb{}\u00bb]<\/p>\n<h3><strong>2- Estimulaci\u00f3n de puntos de acupresi\u00f3n<\/strong><\/h3>\n<p>[\/et_pb_text][et_pb_text _builder_version=\u00bb4.23.4&#8243; _module_preset=\u00bbdefault\u00bb text_font=\u00bbRaleway||||||||\u00bb text_font_size=\u00bb17px\u00bb text_line_height=\u00bb1.6em\u00bb global_colors_info=\u00bb{}\u00bb]<\/p>\n<p>Se focaliza en puntos de acupresi\u00f3n para liberar la tensi\u00f3n y mejorar el flujo de energ\u00eda en el rostro.<\/p>\n<p>[\/et_pb_text][\/et_pb_column][\/et_pb_row][et_pb_row column_structure=\u00bb1_2,1_2&#8243; _builder_version=\u00bb4.23.4&#8243; _module_preset=\u00bbdefault\u00bb background_color=\u00bb#f2f5f5&#8243; width=\u00bb100%\u00bb max_width=\u00bb1300px\u00bb custom_margin=\u00bb11px|auto||auto||\u00bb custom_padding=\u00bb25px|25px|25px|25px|true|true\u00bb animation_style=\u00bbslide\u00bb animation_direction=\u00bbbottom\u00bb border_radii=\u00bbon|12px|12px|12px|12px\u00bb global_colors_info=\u00bb{}\u00bb][et_pb_column type=\u00bb1_2&#8243; _builder_version=\u00bb4.23.4&#8243; _module_preset=\u00bbdefault\u00bb global_colors_info=\u00bb{}\u00bb][et_pb_text _builder_version=\u00bb4.23.4&#8243; _module_preset=\u00bbdefault\u00bb header_2_font=\u00bbRaleway|800|||||||\u00bb header_2_text_align=\u00bbleft\u00bb header_2_font_size=\u00bb40px\u00bb header_2_line_height=\u00bb1.1em\u00bb header_3_font=\u00bbRaleway|300|||||||\u00bb custom_margin=\u00bb||6px|||\u00bb custom_padding=\u00bb||11px||false|false\u00bb header_2_font_size_tablet=\u00bb40px\u00bb header_2_font_size_phone=\u00bb30px\u00bb header_2_font_size_last_edited=\u00bbon|phone\u00bb global_colors_info=\u00bb{}\u00bb]<\/p>\n<h3><strong>3- Tonificaci\u00f3n facial<\/strong><\/h3>\n<p>[\/et_pb_text][et_pb_text _builder_version=\u00bb4.23.4&#8243; _module_preset=\u00bbdefault\u00bb text_font=\u00bbRaleway||||||||\u00bb text_font_size=\u00bb17px\u00bb text_line_height=\u00bb1.6em\u00bb global_colors_info=\u00bb{}\u00bb]<\/p>\n<p>El masaje busca tonificar los m\u00fasculos faciales, ayudando a mejorar la firmeza de la piel y reducir l\u00edneas finas y arrugas.<\/p>\n<p>[\/et_pb_text][\/et_pb_column][et_pb_column type=\u00bb1_2&#8243; _builder_version=\u00bb4.23.4&#8243; _module_preset=\u00bbdefault\u00bb global_colors_info=\u00bb{}\u00bb][et_pb_text _builder_version=\u00bb4.23.4&#8243; _module_preset=\u00bbdefault\u00bb header_2_font=\u00bbRaleway|800|||||||\u00bb header_2_text_align=\u00bbleft\u00bb header_2_font_size=\u00bb40px\u00bb header_2_line_height=\u00bb1.1em\u00bb header_3_font=\u00bbRaleway|300|||||||\u00bb custom_margin=\u00bb||6px|||\u00bb custom_padding=\u00bb||11px||false|false\u00bb header_2_font_size_tablet=\u00bb40px\u00bb header_2_font_size_phone=\u00bb30px\u00bb header_2_font_size_last_edited=\u00bbon|phone\u00bb global_colors_info=\u00bb{}\u00bb]<\/p>\n<h3><strong>4- Relajaci\u00f3n<\/strong><\/h3>\n<p>[\/et_pb_text][et_pb_text _builder_version=\u00bb4.23.4&#8243; _module_preset=\u00bbdefault\u00bb text_font=\u00bbRaleway||||||||\u00bb text_font_size=\u00bb17px\u00bb text_line_height=\u00bb1.6em\u00bb global_colors_info=\u00bb{}\u00bb]<\/p>\n<p>Adem\u00e1s de los beneficios est\u00e9ticos, el masaje facial japon\u00e9s se realiza con el objetivo de inducir una profunda relajaci\u00f3n y alivio del estr\u00e9s.<\/p>\n<p>[\/et_pb_text][\/et_pb_column][\/et_pb_row][et_pb_row column_structure=\u00bb1_2,1_2&#8243; use_custom_gutter=\u00bbon\u00bb gutter_width=\u00bb2&#8243; make_equal=\u00bbon\u00bb disabled_on=\u00bbon|on|on\u00bb _builder_version=\u00bb4.24.3&#8243; _module_preset=\u00bbdefault\u00bb max_width=\u00bb1300px\u00bb custom_margin=\u00bb60px|auto||auto||\u00bb disabled=\u00bbon\u00bb global_colors_info=\u00bb{}\u00bb][et_pb_column type=\u00bb1_2&#8243; _builder_version=\u00bb4.23.4&#8243; _module_preset=\u00bbdefault\u00bb global_colors_info=\u00bb{}\u00bb][et_pb_text _builder_version=\u00bb4.23.4&#8243; _module_preset=\u00bbdefault\u00bb header_2_font=\u00bbRaleway|800|||||||\u00bb header_2_text_align=\u00bbleft\u00bb header_2_font_size=\u00bb40px\u00bb header_2_line_height=\u00bb1.1em\u00bb custom_margin=\u00bb||6px|||\u00bb custom_padding=\u00bb||35px||false|false\u00bb header_2_font_size_tablet=\u00bb40px\u00bb header_2_font_size_phone=\u00bb30px\u00bb header_2_font_size_last_edited=\u00bbon|phone\u00bb global_colors_info=\u00bb{}\u00bb]<\/p>\n<h2>Limpieza facial profunda<\/h2>\n<p>[\/et_pb_text][et_pb_text _builder_version=\u00bb4.23.4&#8243; _module_preset=\u00bbdefault\u00bb text_font=\u00bbRaleway||||||||\u00bb text_font_size=\u00bb17px\u00bb global_colors_info=\u00bb{}\u00bb]<\/p>\n<p>La limpieza facial profunda es un tratamiento dise\u00f1ado para limpiar a fondo la piel, eliminando impurezas, c\u00e9lulas muertas, aceites y residuos de productos cosm\u00e9ticos. <br \/>Este proceso ayuda a mantener la piel saludable y prevenir problemas como el acn\u00e9 y los poros obstruidos.<\/p>\n<p>[\/et_pb_text][\/et_pb_column][et_pb_column type=\u00bb1_2&#8243; _builder_version=\u00bb4.23.4&#8243; _module_preset=\u00bbdefault\u00bb custom_css_main_element=\u00bbdisplay: flex;||flex-direction: column;||justify-content: center;\u00bb global_colors_info=\u00bb{}\u00bb][\/et_pb_column][\/et_pb_row][et_pb_row column_structure=\u00bb1_2,1_2&#8243; use_custom_gutter=\u00bbon\u00bb gutter_width=\u00bb2&#8243; make_equal=\u00bbon\u00bb _builder_version=\u00bb4.23.4&#8243; _module_preset=\u00bbdefault\u00bb max_width=\u00bb1300px\u00bb custom_margin=\u00bb60px|auto||auto||\u00bb global_colors_info=\u00bb{}\u00bb][et_pb_column type=\u00bb1_2&#8243; _builder_version=\u00bb4.23.4&#8243; _module_preset=\u00bbdefault\u00bb custom_css_main_element=\u00bbdisplay: flex;||flex-direction: column;||justify-content: center;\u00bb global_colors_info=\u00bb{}\u00bb][et_pb_text _builder_version=\u00bb4.23.4&#8243; _module_preset=\u00bbdefault\u00bb header_2_font=\u00bbRaleway|800|||||||\u00bb header_2_text_align=\u00bbleft\u00bb header_2_font_size=\u00bb40px\u00bb header_2_line_height=\u00bb1.1em\u00bb custom_margin=\u00bb||6px|||\u00bb custom_padding=\u00bb||35px||false|false\u00bb header_2_font_size_tablet=\u00bb40px\u00bb header_2_font_size_phone=\u00bb30px\u00bb header_2_font_size_last_edited=\u00bbon|phone\u00bb global_colors_info=\u00bb{}\u00bb]<\/p>\n<h2>Masaje con Flores de Bach<\/h2>\n<p>[\/et_pb_text][et_pb_text _builder_version=\u00bb4.23.4&#8243; _module_preset=\u00bbdefault\u00bb text_font=\u00bbRaleway||||||||\u00bb text_font_size=\u00bb17px\u00bb global_colors_info=\u00bb{}\u00bb]<\/p>\n<p>El masaje con Flores de Bach combina la terapia floral del Dr. Edward Bach con t\u00e9cnicas de masaje. Las Flores de Bach son esencias florales que se crean a partir de diversas flores, y se utilizan en la terapia para abordar aspectos emocionales y mentales. Al incorporar estas esencias en un masaje, se busca equilibrar las emociones y promover el bienestar general.<\/p>\n<p>Durante el masaje con Flores de Bach, se seleccionan esencias florales espec\u00edficas seg\u00fan las necesidades emocionales del individuo. Estas esencias pueden aplicarse directamente sobre la piel o diluirse en aceites portadores para su uso durante el masaje.<\/p>\n<p>El objetivo principal es no solo brindar relajaci\u00f3n f\u00edsica, sino tambi\u00e9n abordar aspectos emocionales. Este enfoque hol\u00edstico busca armonizar mente y cuerpo a trav\u00e9s de la combinaci\u00f3n de la terapia floral y las t\u00e9cnicas de masaje.<\/p>\n<p>[\/et_pb_text][\/et_pb_column][et_pb_column type=\u00bb1_2&#8243; _builder_version=\u00bb4.23.4&#8243; _module_preset=\u00bbdefault\u00bb custom_css_main_element=\u00bbdisplay: flex;||flex-direction: column;||justify-content: center;\u00bb global_colors_info=\u00bb{}\u00bb][et_pb_image src=\u00bbhttps:\/\/www.naturopatialacala.com\/wp-content\/uploads\/2024\/01\/mujer-joven-masaje-terapia-piedr.webp\u00bb title_text=\u00bbmujer-joven-masaje-terapia-piedr\u00bb align=\u00bbcenter\u00bb _builder_version=\u00bb4.23.4&#8243; _module_preset=\u00bbdefault\u00bb border_radii=\u00bbon|12px|12px|12px|12px\u00bb global_colors_info=\u00bb{}\u00bb][\/et_pb_image][\/et_pb_column][\/et_pb_row][et_pb_row column_structure=\u00bb1_2,1_2&#8243; make_equal=\u00bbon\u00bb _builder_version=\u00bb4.23.4&#8243; _module_preset=\u00bbdefault\u00bb background_enable_color=\u00bboff\u00bb custom_padding=\u00bb|30px||30px|false|true\u00bb animation_style=\u00bbzoom\u00bb border_radii=\u00bbon|18px|18px|18px|18px\u00bb global_colors_info=\u00bb{}\u00bb][et_pb_column type=\u00bb1_2&#8243; _builder_version=\u00bb4.23.4&#8243; _module_preset=\u00bbdefault\u00bb global_colors_info=\u00bb{}\u00bb][et_pb_image src=\u00bbhttps:\/\/www.naturopatialacala.com\/wp-content\/uploads\/2024\/01\/LOGOS-PNG-2.webp\u00bb title_text=\u00bbLOGOS PNG 2&#8243; align=\u00bbcenter\u00bb _builder_version=\u00bb4.23.4&#8243; _module_preset=\u00bbdefault\u00bb global_colors_info=\u00bb{}\u00bb][\/et_pb_image][\/et_pb_column][et_pb_column type=\u00bb1_2&#8243; _builder_version=\u00bb4.23.4&#8243; _module_preset=\u00bbdefault\u00bb custom_css_main_element=\u00bbdisplay: flex;||flex-direction: column;||justify-content: center;\u00bb global_colors_info=\u00bb{}\u00bb][et_pb_text _builder_version=\u00bb4.23.4&#8243; _module_preset=\u00bbdefault\u00bb header_2_font=\u00bbRaleway|800|||||||\u00bb header_2_text_align=\u00bbcenter\u00bb header_2_font_size=\u00bb40px\u00bb custom_margin=\u00bb||6px|||\u00bb custom_padding=\u00bb||0px||false|false\u00bb header_2_font_size_tablet=\u00bb40px\u00bb header_2_font_size_phone=\u00bb30px\u00bb header_2_font_size_last_edited=\u00bbon|phone\u00bb global_colors_info=\u00bb{}\u00bb]<\/p>\n<h2>Nuestros <span style=\"color: #229b9b;\">PACKS<\/span><\/h2>\n<p>[\/et_pb_text][et_pb_button button_url=\u00bb\/ofertas\/\u00bb button_text=\u00bbDescubre nuestras OFERTAS\u00bb button_alignment=\u00bbcenter\u00bb _builder_version=\u00bb4.23.4&#8243; _module_preset=\u00bbdefault\u00bb custom_button=\u00bbon\u00bb button_text_size=\u00bb20px\u00bb button_text_color=\u00bb#FFFFFF\u00bb button_bg_color=\u00bb#229b9b\u00bb button_border_width=\u00bb1px\u00bb button_border_radius=\u00bb45px\u00bb button_font=\u00bbRaleway|700|||||||\u00bb custom_css_main_element=\u00bbwidth: 100%;\u00bb global_colors_info=\u00bb{}\u00bb][\/et_pb_button][\/et_pb_column][\/et_pb_row][et_pb_row column_structure=\u00bb1_3,1_3,1_3&#8243; _builder_version=\u00bb4.23.4&#8243; _module_preset=\u00bbdefault\u00bb max_width=\u00bb1300px\u00bb custom_padding=\u00bb1px|||||\u00bb animation_style=\u00bbzoom\u00bb scroll_horizontal_motion=\u00bb0|50|50|100|4|0|-7&#8243; global_colors_info=\u00bb{}\u00bb][et_pb_column type=\u00bb1_3&#8243; _builder_version=\u00bb4.23.4&#8243; _module_preset=\u00bbdefault\u00bb global_colors_info=\u00bb{}\u00bb][et_pb_image src=\u00bbhttps:\/\/www.naturopatialacala.com\/wp-content\/uploads\/2024\/01\/mujer-joven-masaje-facial-relaja-1-1.jpg\u00bb title_text=\u00bbmujer-joven-masaje-facial-relaja (1) (1)\u00bb _builder_version=\u00bb4.23.4&#8243; _module_preset=\u00bbdefault\u00bb border_radii=\u00bbon|12px|12px|12px|12px\u00bb global_colors_info=\u00bb{}\u00bb][\/et_pb_image][\/et_pb_column][et_pb_column type=\u00bb1_3&#8243; _builder_version=\u00bb4.23.4&#8243; _module_preset=\u00bbdefault\u00bb global_colors_info=\u00bb{}\u00bb][et_pb_image src=\u00bbhttps:\/\/www.naturopatialacala.com\/wp-content\/uploads\/2024\/01\/piedras-zen-apiladas-fondo-arena-1-1.jpg\u00bb title_text=\u00bbpiedras-zen-apiladas-fondo-arena (1) (1)\u00bb _builder_version=\u00bb4.23.4&#8243; _module_preset=\u00bbdefault\u00bb border_radii=\u00bbon|12px|12px|12px|12px\u00bb global_colors_info=\u00bb{}\u00bb][\/et_pb_image][\/et_pb_column][et_pb_column type=\u00bb1_3&#8243; _builder_version=\u00bb4.23.4&#8243; _module_preset=\u00bbdefault\u00bb global_colors_info=\u00bb{}\u00bb][et_pb_image src=\u00bbhttps:\/\/www.naturopatialacala.com\/wp-content\/uploads\/2024\/01\/masaje-anticelulitico-spa-lujo-1-1-1.jpg\u00bb title_text=\u00bbmasaje-anticelulitico-spa-lujo (1) (1) (1)\u00bb _builder_version=\u00bb4.23.4&#8243; _module_preset=\u00bbdefault\u00bb border_radii=\u00bbon|12px|12px|12px|12px\u00bb global_colors_info=\u00bb{}\u00bb][\/et_pb_image][\/et_pb_column][\/et_pb_row][\/et_pb_section][et_pb_section fb_built=\u00bb1&#8243; _builder_version=\u00bb4.23.4&#8243; _module_preset=\u00bbdefault\u00bb background_color=\u00bb#0f4758&#8243; global_colors_info=\u00bb{}\u00bb][et_pb_row _builder_version=\u00bb4.23.4&#8243; _module_preset=\u00bbdefault\u00bb global_colors_info=\u00bb{}\u00bb][et_pb_column type=\u00bb4_4&#8243; _builder_version=\u00bb4.23.4&#8243; _module_preset=\u00bbdefault\u00bb global_colors_info=\u00bb{}\u00bb][et_pb_text _builder_version=\u00bb4.23.4&#8243; _module_preset=\u00bbdefault\u00bb header_2_font=\u00bbRaleway|800|||||||\u00bb header_2_text_align=\u00bbcenter\u00bb header_2_text_color=\u00bb#FFFFFF\u00bb header_2_font_size=\u00bb40px\u00bb custom_padding=\u00bb||1px||false|false\u00bb header_2_font_size_tablet=\u00bb40px\u00bb header_2_font_size_phone=\u00bb30px\u00bb header_2_font_size_last_edited=\u00bbon|phone\u00bb global_colors_info=\u00bb{}\u00bb]<\/p>\n<h2>Naturopat\u00eda La Cala<\/h2>\n<p>[\/et_pb_text][et_pb_text _builder_version=\u00bb4.23.4&#8243; _module_preset=\u00bbdefault\u00bb text_font=\u00bbRaleway||||||||\u00bb text_text_color=\u00bb#FFFFFF\u00bb text_font_size=\u00bb17px\u00bb text_line_height=\u00bb1.6em\u00bb text_orientation=\u00bbcenter\u00bb global_colors_info=\u00bb{}\u00bb]<\/p>\n<p><span>OSTEOPAT\u00cdA AVANZADA, nos dedicamos a proporcionar un tratamiento osteop\u00e1tico integral y personalizado, adaptado a las necesidades individuales de cada cliente. Con un equipo de profesionales altamente calificados y comprometidos, garantizamos una experiencia de atenci\u00f3n al cliente de primera clase.<\/span><\/p>\n<p>[\/et_pb_text][et_pb_text _builder_version=\u00bb4.23.4&#8243; _module_preset=\u00bbdefault\u00bb header_2_font=\u00bbRaleway|800|||||||\u00bb header_2_text_align=\u00bbcenter\u00bb header_2_text_color=\u00bb#FFFFFF\u00bb header_2_font_size=\u00bb40px\u00bb custom_padding=\u00bb||1px||false|false\u00bb header_2_font_size_tablet=\u00bb40px\u00bb header_2_font_size_phone=\u00bb30px\u00bb header_2_font_size_last_edited=\u00bbon|phone\u00bb global_colors_info=\u00bb{}\u00bb]<\/p>\n<h2>\u00bfQu\u00e9 dicen nuestros clientes?<\/h2>\n<p>[\/et_pb_text][\/et_pb_column][\/et_pb_row][et_pb_row _builder_version=\u00bb4.23.4&#8243; _module_preset=\u00bbdefault\u00bb max_width=\u00bb1300px\u00bb global_colors_info=\u00bb{}\u00bb][et_pb_column type=\u00bb4_4&#8243; _builder_version=\u00bb4.16.1&#8243; _module_preset=\u00bbdefault\u00bb global_colors_info=\u00bb{}\u00bb][dsm_card_carousel space_between=\u00bb35&#8243; use_arrow_custom_position=\u00bbon\u00bb arrow_custom_position=\u00bb-67px\u00bb arrow_prev=\u00bbon\u00bb arrow_prev_font_icon=\u00bb&#xf060;||fa||900&#8243; arrow_next=\u00bbon\u00bb arrow_next_font_icon=\u00bb&#xf061;||fa||900&#8243; arrow_size=\u00bb25px\u00bb arrow_color=\u00bb#FFFFFF\u00bb dots=\u00bboff\u00bb image_width=\u00bb20%\u00bb image_alignment=\u00bbcenter\u00bb slide_to_show_tablet=\u00bb2&#8243; slide_to_show_phone=\u00bb1&#8243; slide_to_show_last_edited=\u00bbon|tablet\u00bb space_between_tablet=\u00bb15&#8243; space_between_phone=\u00bb\u00bb space_between_last_edited=\u00bbon|tablet\u00bb arrow_custom_position_tablet=\u00bb\u00bb arrow_custom_position_phone=\u00bb-39px\u00bb arrow_custom_position_last_edited=\u00bbon|phone\u00bb _builder_version=\u00bb4.23.4&#8243; _module_preset=\u00bbdefault\u00bb header_level=\u00bbh3&#8243; header_font=\u00bbRaleway|700|||||||\u00bb header_font_size=\u00bb25px\u00bb header_line_height=\u00bb0em\u00bb body_font=\u00bbPoppins||||||||\u00bb text_orientation=\u00bbcenter\u00bb background_layout=\u00bbdark\u00bb custom_margin=\u00bb||0px||false|false\u00bb border_width_top_image=\u00bb50px\u00bb border_color_top_image=\u00bbRGBA(255,255,255,0)\u00bb border_radii_card=\u00bbon|5px|5px|5px|5px\u00bb global_colors_info=\u00bb{}\u00bb][dsm_card_carousel_child title=\u00bbJudith biglia\u00bb subtitle=\u00bbGoogle\u00bb image_as_background=\u00bboff\u00bb content_padding=\u00bb|20px|50px|20px|false|false\u00bb button_url_new_window=\u00bb1&#8243; _builder_version=\u00bb4.23.4&#8243; _module_preset=\u00bbdefault\u00bb header_font=\u00bbPoppins|700|||||||\u00bb background_color=\u00bb#229b9b\u00bb background_enable_color=\u00bbon\u00bb background_enable_image=\u00bboff\u00bb background_size=\u00bbcustom\u00bb background_image_width=\u00bb70%\u00bb custom_padding=\u00bb60px||||false|false\u00bb custom_padding_tablet=\u00bb60px||||false|false\u00bb custom_padding_phone=\u00bb50px||||false|false\u00bb custom_padding_last_edited=\u00bbon|phone\u00bb global_colors_info=\u00bb{}\u00bb parent_button=\u00bboff\u00bb parent_header_level=\u00bbh3&#8243;]<\/p>\n<p><span>Nico es un gran profesional. Le agradezco el haberme ayudado a salir adelante.<\/span><\/p>\n<p>&nbsp;<\/p>\n<p>[\/dsm_card_carousel_child][dsm_card_carousel_child title=\u00bbBlanca\u00bb subtitle=\u00bbGoogle\u00bb image_as_background=\u00bboff\u00bb content_padding=\u00bb|20px|50px|20px|false|false\u00bb button_url_new_window=\u00bb1&#8243; _builder_version=\u00bb4.23.4&#8243; _module_preset=\u00bbdefault\u00bb header_font=\u00bbPoppins|700|||||||\u00bb background_color=\u00bb#229b9b\u00bb background_enable_color=\u00bbon\u00bb background_enable_image=\u00bboff\u00bb background_size=\u00bbcustom\u00bb background_image_width=\u00bb70%\u00bb custom_padding=\u00bb60px||||false|false\u00bb custom_padding_tablet=\u00bb60px||||false|false\u00bb custom_padding_phone=\u00bb50px||||false|false\u00bb custom_padding_last_edited=\u00bbon|phone\u00bb global_colors_info=\u00bb{}\u00bb parent_button=\u00bboff\u00bb parent_header_level=\u00bbh3&#8243;]<\/p>\n<p><span>Pude notar los efectos de la terapia movimiento inducido de cabeza. Son resultados parecedos a los de acupuntura o flores de Bach pero se asientan m\u00e1s, despu\u00e9s de unos meses quiero repetir.<\/span><\/p>\n<p>&nbsp;<\/p>\n<p>[\/dsm_card_carousel_child][dsm_card_carousel_child title=\u00bbCathy P\u00bb subtitle=\u00bbGoogle\u00bb image_as_background=\u00bboff\u00bb content_padding=\u00bb|20px|50px|20px|false|false\u00bb button_url_new_window=\u00bb1&#8243; _builder_version=\u00bb4.23.4&#8243; _module_preset=\u00bbdefault\u00bb header_font=\u00bbPoppins|700|||||||\u00bb background_color=\u00bb#229b9b\u00bb background_enable_color=\u00bbon\u00bb background_enable_image=\u00bboff\u00bb background_size=\u00bbcustom\u00bb background_image_width=\u00bb70%\u00bb custom_padding=\u00bb60px||||false|false\u00bb custom_padding_tablet=\u00bb60px||||false|false\u00bb custom_padding_phone=\u00bb50px||||false|false\u00bb custom_padding_last_edited=\u00bbon|phone\u00bb global_colors_info=\u00bb{}\u00bb parent_button=\u00bboff\u00bb parent_header_level=\u00bbh3&#8243;]<\/p>\n<p><span>Mi esposo encontr\u00f3 este lugar y me aconsej\u00f3 que lo probara para mi dolor lumbar (tuve dolor durante casi un a\u00f1o). No puedo agradecer lo suficiente a Nicolas por el incre\u00edble trabajo que hizo para mi dolor de espalda&#8230;<\/span><\/p>\n<p>&nbsp;<\/p>\n<p>[\/dsm_card_carousel_child][\/dsm_card_carousel][et_pb_image src=\u00bbhttps:\/\/cdn.divisupreme.com\/wp-content\/uploads\/2022\/04\/Frame2.svg\u00bb title_text=\u00bbFrame(2)\u00bb align=\u00bbright\u00bb _builder_version=\u00bb4.16.1&#8243; _module_preset=\u00bbdefault\u00bb positioning=\u00bbabsolute\u00bb position_origin_a=\u00bbbottom_right\u00bb vertical_offset=\u00bb-26px\u00bb horizontal_offset=\u00bb-62px\u00bb width=\u00bb100%\u00bb global_colors_info=\u00bb{}\u00bb][\/et_pb_image][et_pb_button button_url=\u00bbhttps:\/\/www.google.com\/search?q=naturopatia+la+cala&#038;rlz=1C1FHFK_esES1091ES1091&#038;oq=naturopatia+la+cala&#038;gs_lcrp=EgZjaHJvbWUqDAgAECMYJxiABBiKBTIMCAAQIxgnGIAEGIoFMhAIARAuGK8BGMcBGIAEGI4FMgoIAhAAGA8YFhgeMgoIAxAAGA8YFhgeMgYIBBBFGDwyBggFEEUYPDIGCAYQRRg80gEINDYxOWowajeoAgCwAgA&#038;sourceid=chrome&#038;ie=UTF-8#lrd=0xd731e291c0daa61:0xb8e7875bda758cc8,1,,,,\u00bb url_new_window=\u00bbon\u00bb button_text=\u00bbver todas las opiniones\u00bb button_alignment=\u00bbcenter\u00bb _builder_version=\u00bb4.23.4&#8243; _module_preset=\u00bbdefault\u00bb custom_button=\u00bbon\u00bb button_text_color=\u00bb#FFFFFF\u00bb button_border_width=\u00bb0px\u00bb button_border_radius=\u00bb6px\u00bb button_font=\u00bbPoppins|500|||||||\u00bb button_icon=\u00bb&#x24;||divi||400&#8243; custom_padding=\u00bb|||0px|false|false\u00bb global_colors_info=\u00bb{}\u00bb][\/et_pb_button][\/et_pb_column][\/et_pb_row][\/et_pb_section]<\/p>\n","protected":false},"excerpt":{"rendered":"<p>Masajes y bienestarMaderoterapiaLa maderoterapia es un tratamiento que utiliza instrumentos de madera especialmente dise\u00f1ados para realizar masajes que se aplican con t\u00e9cnicas espec\u00edficas para estimular la circulaci\u00f3n, reducir la celulitis, tonificar los m\u00fasculos y mejorar la textura de la piel. La maderoterapia se utiliza en procedimientos de belleza y bienestar, siendo una alternativa a las [&hellip;]<\/p>\n","protected":false},"author":1,"featured_media":0,"parent":0,"menu_order":0,"comment_status":"closed","ping_status":"closed","template":"","meta":{"_et_pb_use_builder":"on","_et_pb_old_content":"","_et_gb_content_width":"","footnotes":""},"class_list":["post-260803","page","type-page","status-publish","hentry"],"yoast_head":"<!-- This site is optimized with the Yoast SEO plugin v27.4 - https:\/\/yoast.com\/product\/yoast-seo-wordpress\/ -->\n<title>Masajes y bienestar - Naturopat\u00eda y Osteopat\u00eda La Cala \u2013 Nicol\u00e1s Fasoli<\/title>\n<meta name=\"robots\" content=\"index, follow, max-snippet:-1, max-image-preview:large, max-video-preview:-1\" \/>\n<link rel=\"canonical\" href=\"https:\/\/www.naturopatialacala.com\/it\/masajes-y-bienestar\/\" \/>\n<meta property=\"og:locale\" content=\"it_IT\" \/>\n<meta property=\"og:type\" content=\"article\" \/>\n<meta property=\"og:title\" content=\"Masajes y bienestar - Naturopat\u00eda y Osteopat\u00eda La Cala \u2013 Nicol\u00e1s Fasoli\" \/>\n<meta property=\"og:description\" content=\"Masajes y bienestarMaderoterapiaLa maderoterapia es un tratamiento que utiliza instrumentos de madera especialmente dise\u00f1ados para realizar masajes que se aplican con t\u00e9cnicas espec\u00edficas para estimular la circulaci\u00f3n, reducir la celulitis, tonificar los m\u00fasculos y mejorar la textura de la piel. La maderoterapia se utiliza en procedimientos de belleza y bienestar, siendo una alternativa a las [&hellip;]\" \/>\n<meta property=\"og:url\" content=\"https:\/\/www.naturopatialacala.com\/it\/masajes-y-bienestar\/\" \/>\n<meta property=\"og:site_name\" content=\"Naturopat\u00eda y Osteopat\u00eda La Cala \u2013 Nicol\u00e1s Fasoli\" \/>\n<meta property=\"article:modified_time\" content=\"2024-06-27T16:57:34+00:00\" \/>\n<meta name=\"twitter:card\" content=\"summary_large_image\" \/>\n<meta name=\"twitter:label1\" content=\"Tempo di lettura stimato\" \/>\n\t<meta name=\"twitter:data1\" content=\"5 minuti\" \/>\n<script type=\"application\/ld+json\" class=\"yoast-schema-graph\">{\"@context\":\"https:\\\/\\\/schema.org\",\"@graph\":[{\"@type\":\"WebPage\",\"@id\":\"https:\\\/\\\/www.naturopatialacala.com\\\/it\\\/masajes-y-bienestar\\\/\",\"url\":\"https:\\\/\\\/www.naturopatialacala.com\\\/it\\\/masajes-y-bienestar\\\/\",\"name\":\"Masajes y bienestar - Naturopat\u00eda y Osteopat\u00eda La Cala \u2013 Nicol\u00e1s Fasoli\",\"isPartOf\":{\"@id\":\"https:\\\/\\\/www.naturopatialacala.com\\\/en\\\/#website\"},\"datePublished\":\"2024-01-23T15:32:08+00:00\",\"dateModified\":\"2024-06-27T16:57:34+00:00\",\"breadcrumb\":{\"@id\":\"https:\\\/\\\/www.naturopatialacala.com\\\/it\\\/masajes-y-bienestar\\\/#breadcrumb\"},\"inLanguage\":\"it-IT\",\"potentialAction\":[{\"@type\":\"ReadAction\",\"target\":[\"https:\\\/\\\/www.naturopatialacala.com\\\/it\\\/masajes-y-bienestar\\\/\"]}]},{\"@type\":\"BreadcrumbList\",\"@id\":\"https:\\\/\\\/www.naturopatialacala.com\\\/it\\\/masajes-y-bienestar\\\/#breadcrumb\",\"itemListElement\":[{\"@type\":\"ListItem\",\"position\":1,\"name\":\"Portada\",\"item\":\"https:\\\/\\\/www.naturopatialacala.com\\\/\"},{\"@type\":\"ListItem\",\"position\":2,\"name\":\"Masajes y bienestar\"}]},{\"@type\":\"WebSite\",\"@id\":\"https:\\\/\\\/www.naturopatialacala.com\\\/en\\\/#website\",\"url\":\"https:\\\/\\\/www.naturopatialacala.com\\\/en\\\/\",\"name\":\"Naturopat\u00eda y Osteopat\u00eda La Cala \u2013 Nicol\u00e1s Fasoli\",\"description\":\"Descubre un mundo de bienestar y salud integral en Naturopat\u00eda La Cala\",\"potentialAction\":[{\"@type\":\"SearchAction\",\"target\":{\"@type\":\"EntryPoint\",\"urlTemplate\":\"https:\\\/\\\/www.naturopatialacala.com\\\/en\\\/?s={search_term_string}\"},\"query-input\":{\"@type\":\"PropertyValueSpecification\",\"valueRequired\":true,\"valueName\":\"search_term_string\"}}],\"inLanguage\":\"it-IT\"}]}<\/script>\n<!-- \/ Yoast SEO plugin. -->","yoast_head_json":{"title":"Masajes y bienestar - Naturopat\u00eda y Osteopat\u00eda La Cala \u2013 Nicol\u00e1s Fasoli","robots":{"index":"index","follow":"follow","max-snippet":"max-snippet:-1","max-image-preview":"max-image-preview:large","max-video-preview":"max-video-preview:-1"},"canonical":"https:\/\/www.naturopatialacala.com\/it\/masajes-y-bienestar\/","og_locale":"it_IT","og_type":"article","og_title":"Masajes y bienestar - Naturopat\u00eda y Osteopat\u00eda La Cala \u2013 Nicol\u00e1s Fasoli","og_description":"Masajes y bienestarMaderoterapiaLa maderoterapia es un tratamiento que utiliza instrumentos de madera especialmente dise\u00f1ados para realizar masajes que se aplican con t\u00e9cnicas espec\u00edficas para estimular la circulaci\u00f3n, reducir la celulitis, tonificar los m\u00fasculos y mejorar la textura de la piel. La maderoterapia se utiliza en procedimientos de belleza y bienestar, siendo una alternativa a las [&hellip;]","og_url":"https:\/\/www.naturopatialacala.com\/it\/masajes-y-bienestar\/","og_site_name":"Naturopat\u00eda y Osteopat\u00eda La Cala \u2013 Nicol\u00e1s Fasoli","article_modified_time":"2024-06-27T16:57:34+00:00","twitter_card":"summary_large_image","twitter_misc":{"Tempo di lettura stimato":"5 minuti"},"schema":{"@context":"https:\/\/schema.org","@graph":[{"@type":"WebPage","@id":"https:\/\/www.naturopatialacala.com\/it\/masajes-y-bienestar\/","url":"https:\/\/www.naturopatialacala.com\/it\/masajes-y-bienestar\/","name":"Masajes y bienestar - Naturopat\u00eda y Osteopat\u00eda La Cala \u2013 Nicol\u00e1s Fasoli","isPartOf":{"@id":"https:\/\/www.naturopatialacala.com\/en\/#website"},"datePublished":"2024-01-23T15:32:08+00:00","dateModified":"2024-06-27T16:57:34+00:00","breadcrumb":{"@id":"https:\/\/www.naturopatialacala.com\/it\/masajes-y-bienestar\/#breadcrumb"},"inLanguage":"it-IT","potentialAction":[{"@type":"ReadAction","target":["https:\/\/www.naturopatialacala.com\/it\/masajes-y-bienestar\/"]}]},{"@type":"BreadcrumbList","@id":"https:\/\/www.naturopatialacala.com\/it\/masajes-y-bienestar\/#breadcrumb","itemListElement":[{"@type":"ListItem","position":1,"name":"Portada","item":"https:\/\/www.naturopatialacala.com\/"},{"@type":"ListItem","position":2,"name":"Masajes y bienestar"}]},{"@type":"WebSite","@id":"https:\/\/www.naturopatialacala.com\/en\/#website","url":"https:\/\/www.naturopatialacala.com\/en\/","name":"Naturopat\u00eda y Osteopat\u00eda La Cala \u2013 Nicol\u00e1s Fasoli","description":"Descubre un mundo de bienestar y salud integral en Naturopat\u00eda La Cala","potentialAction":[{"@type":"SearchAction","target":{"@type":"EntryPoint","urlTemplate":"https:\/\/www.naturopatialacala.com\/en\/?s={search_term_string}"},"query-input":{"@type":"PropertyValueSpecification","valueRequired":true,"valueName":"search_term_string"}}],"inLanguage":"it-IT"}]}},"_links":{"self":[{"href":"https:\/\/www.naturopatialacala.com\/it\/wp-json\/wp\/v2\/pages\/260803","targetHints":{"allow":["GET"]}}],"collection":[{"href":"https:\/\/www.naturopatialacala.com\/it\/wp-json\/wp\/v2\/pages"}],"about":[{"href":"https:\/\/www.naturopatialacala.com\/it\/wp-json\/wp\/v2\/types\/page"}],"author":[{"embeddable":true,"href":"https:\/\/www.naturopatialacala.com\/it\/wp-json\/wp\/v2\/users\/1"}],"replies":[{"embeddable":true,"href":"https:\/\/www.naturopatialacala.com\/it\/wp-json\/wp\/v2\/comments?post=260803"}],"version-history":[{"count":7,"href":"https:\/\/www.naturopatialacala.com\/it\/wp-json\/wp\/v2\/pages\/260803\/revisions"}],"predecessor-version":[{"id":273076,"href":"https:\/\/www.naturopatialacala.com\/it\/wp-json\/wp\/v2\/pages\/260803\/revisions\/273076"}],"wp:attachment":[{"href":"https:\/\/www.naturopatialacala.com\/it\/wp-json\/wp\/v2\/media?parent=260803"}],"curies":[{"name":"wp","href":"https:\/\/api.w.org\/{rel}","templated":true}]}}